{"id":516,"date":"2014-02-03T20:47:44","date_gmt":"2014-02-03T20:47:44","guid":{"rendered":"https:\/\/www.avalumitran.com\/inicio-2\/"},"modified":"2026-03-17T18:42:20","modified_gmt":"2026-03-17T17:42:20","slug":"inicio","status":"publish","type":"page","link":"https:\/\/www.avalumitran.com\/de\/","title":{"rendered":"STARTSEITE"},"content":{"rendered":"\t\t<div data-elementor-type=\"wp-page\" data-elementor-id=\"516\" class=\"elementor elementor-516 elementor-2\" data-elementor-post-type=\"page\">\n\t\t\t\t\t\t<section class=\"elementor-section elementor-top-section elementor-element elementor-element-a0f5c2a elementor-section-boxed elementor-section-height-default elementor-section-height-default\" data-id=\"a0f5c2a\" data-element_type=\"section\" data-e-type=\"section\">\n\t\t\t\t\t\t<div class=\"elementor-container elementor-column-gap-default\">\n\t\t\t\t\t<div class=\"elementor-column elementor-col-100 elementor-top-column elementor-element elementor-element-90730f7\" data-id=\"90730f7\" data-element_type=\"column\" data-e-type=\"column\">\n\t\t\t<div class=\"elementor-widget-wrap elementor-element-populated\">\n\t\t\t\t\t\t<div class=\"elementor-element elementor-element-04c6b86 elementor--h-position-left elementor--v-position-bottom elementor-arrows-position-inside elementor-pagination-position-inside elementor-widget elementor-widget-slides\" data-id=\"04c6b86\" data-element_type=\"widget\" data-e-type=\"widget\" data-settings=\"{&quot;navigation&quot;:&quot;both&quot;,&quot;autoplay&quot;:&quot;yes&quot;,&quot;pause_on_hover&quot;:&quot;yes&quot;,&quot;pause_on_interaction&quot;:&quot;yes&quot;,&quot;autoplay_speed&quot;:5000,&quot;infinite&quot;:&quot;yes&quot;,&quot;transition&quot;:&quot;slide&quot;,&quot;transition_speed&quot;:500}\" data-widget_type=\"slides.default\">\n\t\t\t\t<div class=\"elementor-widget-container\">\n\t\t\t\t\t\t\t\t\t<div class=\"elementor-swiper\">\n\t\t\t\t\t<div class=\"elementor-slides-wrapper elementor-main-swiper swiper\" role=\"region\" aria-roledescription=\"carousel\" aria-label=\"Diapositivas\" dir=\"ltr\" data-animation=\"fadeInUp\">\n\t\t\t\t<div class=\"swiper-wrapper elementor-slides\">\n\t\t\t\t\t\t\t\t\t\t<div class=\"elementor-repeater-item-b9cbf43 swiper-slide\" role=\"group\" aria-roledescription=\"slide\"><div class=\"swiper-slide-bg\" role=\"img\" aria-label=\"extrusion aluminio perfileria lacado anodizado\"><\/div><div class=\"elementor-background-overlay\"><\/div><div class=\"swiper-slide-inner\" ><div class=\"swiper-slide-contents\"><div class=\"elementor-slide-heading\">WIR WANDELN ALUMINIUM UM<\/div><div class=\"elementor-slide-description\">Wir entwickeln Qualit\u00e4tsl\u00f6sungen<\/div><\/div><\/div><\/div><div class=\"elementor-repeater-item-f9cc27d swiper-slide\" role=\"group\" aria-roledescription=\"slide\"><div class=\"swiper-slide-bg\" role=\"img\" aria-label=\"proveedor de extrusi\u00f3n de aluminio certificado IATF 16949 para automoci\u00f3n\"><\/div><div class=\"swiper-slide-inner\" ><div class=\"swiper-slide-contents\"><div class=\"elementor-slide-heading\">ALUMINIUM F\u00dcR DIE AUTOMOBILINDUSTRIE<\/div><div class=\"elementor-slide-description\">Wir sind Ihr zertifizierter Anbieter und bereit f\u00fcr den neuen Standard IATF 16949!\n<\/div><\/div><\/div><\/div><div class=\"elementor-repeater-item-9b7f63b swiper-slide\" role=\"group\" aria-roledescription=\"slide\"><div class=\"swiper-slide-bg\" role=\"img\" aria-label=\"f\u00e1brica de extrusi\u00f3n de aluminio\"><\/div><div class=\"elementor-background-overlay\"><\/div><div class=\"swiper-slide-inner\" ><div class=\"swiper-slide-contents\"><div class=\"elementor-slide-heading\">DIE KRAFT EINES GRO\u00dfARTIGEN TEAMS<\/div><div class=\"elementor-slide-description\">Verpflichtung zur Qualit\u00e4t und zur kontinuierlichen Verbesserung<\/div><\/div><\/div><\/div><div class=\"elementor-repeater-item-0362abb swiper-slide\" role=\"group\" aria-roledescription=\"slide\"><div class=\"swiper-slide-bg\" role=\"img\" aria-label=\"slider3-v2-integracion\"><\/div><div class=\"swiper-slide-inner\" ><div class=\"swiper-slide-contents\"><div class=\"elementor-slide-heading\">UMFASSENDES LEISTUNGSANGEBOT<\/div><div class=\"elementor-slide-description\">Integriert in die Produktionskette des Kunden<\/div><\/div><\/div><\/div>\t\t\t\t<\/div>\n\t\t\t\t\t\t\t\t\t\t\t\t\t\t\t<div class=\"elementor-swiper-button elementor-swiper-button-prev\" role=\"button\" tabindex=\"0\" aria-label=\"Vorheriger Slide\">\n\t\t\t\t\t\t\t<i aria-hidden=\"true\" class=\"eicon-chevron-left\"><\/i>\t\t\t\t\t\t<\/div>\n\t\t\t\t\t\t<div class=\"elementor-swiper-button elementor-swiper-button-next\" role=\"button\" tabindex=\"0\" aria-label=\"N\u00e4chster Slide\">\n\t\t\t\t\t\t\t<i aria-hidden=\"true\" class=\"eicon-chevron-right\"><\/i>\t\t\t\t\t\t<\/div>\n\t\t\t\t\t\t\t\t\t\t\t\t\t\t\t\t<div class=\"swiper-pagination\"><\/div>\n\t\t\t\t\t\t\t\t\t\t\t\t<\/div>\n\t\t\t\t<\/div>\n\t\t\t\t\t\t\t\t<\/div>\n\t\t\t\t<\/div>\n\t\t\t\t\t<\/div>\n\t\t<\/div>\n\t\t\t\t\t<\/div>\n\t\t<\/section>\n\t\t\t\t<section class=\"elementor-section elementor-top-section elementor-element elementor-element-8390add elementor-section-boxed elementor-section-height-default elementor-section-height-default\" data-id=\"8390add\" data-element_type=\"section\" data-e-type=\"section\">\n\t\t\t\t\t\t<div class=\"elementor-container elementor-column-gap-wide\">\n\t\t\t\t\t<div class=\"elementor-column elementor-col-33 elementor-top-column elementor-element elementor-element-df8d946 animated-fast elementor-invisible\" data-id=\"df8d946\" data-element_type=\"column\" data-e-type=\"column\" data-settings=\"{&quot;animation&quot;:&quot;fadeInUp&quot;}\">\n\t\t\t<div class=\"elementor-widget-wrap elementor-element-populated\">\n\t\t\t\t\t\t<div class=\"elementor-element elementor-element-ee2ee96 elementor-widget elementor-widget-image\" data-id=\"ee2ee96\" data-element_type=\"widget\" data-e-type=\"widget\" data-widget_type=\"image.default\">\n\t\t\t\t<div class=\"elementor-widget-container\">\n\t\t\t\t\t\t\t\t\t\t\t\t\t\t\t<img fetchpriority=\"high\" decoding=\"async\" width=\"800\" height=\"420\" src=\"https:\/\/www.avalumitran.com\/wp-content\/uploads\/2025\/04\/calidad-certificada-procesos-tratamientos-superficiales-2025-ok.jpg\" class=\"attachment-full size-full wp-image-6999\" alt=\"sellos de calidad extrusor de aluminio certificado\" srcset=\"https:\/\/www.avalumitran.com\/wp-content\/uploads\/2025\/04\/calidad-certificada-procesos-tratamientos-superficiales-2025-ok.jpg 800w, https:\/\/www.avalumitran.com\/wp-content\/uploads\/2025\/04\/calidad-certificada-procesos-tratamientos-superficiales-2025-ok-300x158.jpg 300w, https:\/\/www.avalumitran.com\/wp-content\/uploads\/2025\/04\/calidad-certificada-procesos-tratamientos-superficiales-2025-ok-768x403.jpg 768w\" sizes=\"(max-width: 800px) 100vw, 800px\" \/>\t\t\t\t\t\t\t\t\t\t\t\t\t\t\t<\/div>\n\t\t\t\t<\/div>\n\t\t\t\t<div class=\"elementor-element elementor-element-3e24401 elementor-widget elementor-widget-heading\" data-id=\"3e24401\" data-element_type=\"widget\" data-e-type=\"widget\" data-widget_type=\"heading.default\">\n\t\t\t\t<div class=\"elementor-widget-container\">\n\t\t\t\t\t<h2 class=\"elementor-heading-title elementor-size-default\">Qualit\u00e4t steht f\u00fcr uns an oberster Stelle<\/h2>\t\t\t\t<\/div>\n\t\t\t\t<\/div>\n\t\t\t\t<div class=\"elementor-element elementor-element-d47a4e0 elementor-widget elementor-widget-text-editor\" data-id=\"d47a4e0\" data-element_type=\"widget\" data-e-type=\"widget\" data-widget_type=\"text-editor.default\">\n\t\t\t\t<div class=\"elementor-widget-container\">\n\t\t\t\t\t\t\t\t\t<p class=\"p1\">Unsere Verpflichtung zur Qualit\u00e4t unserer Produkte und Dienstleistungen steht im Mittelpunkt unserer Aktivit\u00e4ten, um unseren Kunden ein strenges Qualit\u00e4tsmanagement in allen unseren Herstellungsverfahren, im Vertrieb und im Kundendienst zu gew\u00e4hrleisten.<\/p><p><a href=\"https:\/\/www.avalumitran.com\/descargas-downloads\/\" target=\"_blank\" rel=\"noopener\">Qualit\u00e4tszertifikate ansehen<\/a><\/p>\t\t\t\t\t\t\t\t<\/div>\n\t\t\t\t<\/div>\n\t\t\t\t\t<\/div>\n\t\t<\/div>\n\t\t\t\t<div class=\"elementor-column elementor-col-33 elementor-top-column elementor-element elementor-element-71819b3 elementor-invisible\" data-id=\"71819b3\" data-element_type=\"column\" data-e-type=\"column\" data-settings=\"{&quot;animation&quot;:&quot;fadeInUp&quot;}\">\n\t\t\t<div class=\"elementor-widget-wrap elementor-element-populated\">\n\t\t\t\t\t\t<div class=\"elementor-element elementor-element-87dd6c4 elementor-widget elementor-widget-image\" data-id=\"87dd6c4\" data-element_type=\"widget\" data-e-type=\"widget\" data-widget_type=\"image.default\">\n\t\t\t\t<div class=\"elementor-widget-container\">\n\t\t\t\t\t\t\t\t\t\t\t\t\t\t\t<img decoding=\"async\" width=\"417\" height=\"218\" src=\"https:\/\/www.avalumitran.com\/wp-content\/uploads\/2021\/07\/compromiso-sostenibilidad-y-medio-ambiente.jpg\" class=\"attachment-full size-full wp-image-3892\" alt=\"\" srcset=\"https:\/\/www.avalumitran.com\/wp-content\/uploads\/2021\/07\/compromiso-sostenibilidad-y-medio-ambiente.jpg 417w, https:\/\/www.avalumitran.com\/wp-content\/uploads\/2021\/07\/compromiso-sostenibilidad-y-medio-ambiente-300x157.jpg 300w\" sizes=\"(max-width: 417px) 100vw, 417px\" \/>\t\t\t\t\t\t\t\t\t\t\t\t\t\t\t<\/div>\n\t\t\t\t<\/div>\n\t\t\t\t<div class=\"elementor-element elementor-element-5436354 elementor-widget elementor-widget-heading\" data-id=\"5436354\" data-element_type=\"widget\" data-e-type=\"widget\" data-widget_type=\"heading.default\">\n\t\t\t\t<div class=\"elementor-widget-container\">\n\t\t\t\t\t<h2 class=\"elementor-heading-title elementor-size-default\">Verantwortung f\u00fcr die Umwelt<\/h2>\t\t\t\t<\/div>\n\t\t\t\t<\/div>\n\t\t\t\t<div class=\"elementor-element elementor-element-a7189ce elementor-widget elementor-widget-text-editor\" data-id=\"a7189ce\" data-element_type=\"widget\" data-e-type=\"widget\" data-widget_type=\"text-editor.default\">\n\t\t\t\t<div class=\"elementor-widget-container\">\n\t\t\t\t\t\t\t\t\t<p class=\"p1\">AV ALUMITRAN \u00fcberwacht s\u00e4mtliche umweltbedingten Aspekte bei all seinen Verfahren unter Einhaltung der entsprechenden gesetzlichen Vorschriften. Gleichzeitig erf\u00fcllt es die in der Umweltmanagementnorm ISO-14001 festgelegten Umweltrichtlinien.<\/p><p><a href=\"https:\/\/www.avalumitran.com\/wp-content\/uploads\/2018\/05\/Politica-SIG-Mayo-2018-firmada.pdf\">Politik des Umweltmanagementsystems ansehen<\/a><br \/><a href=\"https:\/\/www.avalumitran.com\/wp-content\/uploads\/2019\/06\/Environmental-product-declaration-EPDSystem-AENOR.pdf\" target=\"_blank\" rel=\"noopener\">Umweltproduktdeklaration ansehen<\/a><br \/><a href=\"https:\/\/www.avalumitran.com\/wp-content\/uploads\/2026\/03\/comunicacion-web-desempeno-ambiental-av-alumitran-2025.pdf\" target=\"_blank\" rel=\"noopener\">Ver\u00f6ffentlichte \u00d6kobilanz ansehen<\/a><\/p>\t\t\t\t\t\t\t\t<\/div>\n\t\t\t\t<\/div>\n\t\t\t\t\t<\/div>\n\t\t<\/div>\n\t\t\t\t<div class=\"elementor-column elementor-col-33 elementor-top-column elementor-element elementor-element-df40125 animated-slow elementor-invisible\" data-id=\"df40125\" data-element_type=\"column\" data-e-type=\"column\" data-settings=\"{&quot;animation&quot;:&quot;fadeInUp&quot;}\">\n\t\t\t<div class=\"elementor-widget-wrap elementor-element-populated\">\n\t\t\t\t\t\t<div class=\"elementor-element elementor-element-7fa8f40 elementor-widget elementor-widget-image\" data-id=\"7fa8f40\" data-element_type=\"widget\" data-e-type=\"widget\" data-widget_type=\"image.default\">\n\t\t\t\t<div class=\"elementor-widget-container\">\n\t\t\t\t\t\t\t\t\t\t\t\t\t\t\t<img decoding=\"async\" width=\"300\" height=\"157\" src=\"https:\/\/www.avalumitran.com\/wp-content\/uploads\/2014\/06\/dest3-innovacion-v2.jpg\" class=\"attachment-full size-full wp-image-3168\" alt=\"\" \/>\t\t\t\t\t\t\t\t\t\t\t\t\t\t\t<\/div>\n\t\t\t\t<\/div>\n\t\t\t\t<div class=\"elementor-element elementor-element-18dca37 elementor-widget elementor-widget-heading\" data-id=\"18dca37\" data-element_type=\"widget\" data-e-type=\"widget\" data-widget_type=\"heading.default\">\n\t\t\t\t<div class=\"elementor-widget-container\">\n\t\t\t\t\t<h2 class=\"elementor-heading-title elementor-size-default\">Innovation, Forschung und Entwicklung<\/h2>\t\t\t\t<\/div>\n\t\t\t\t<\/div>\n\t\t\t\t<div class=\"elementor-element elementor-element-b4d253a elementor-widget elementor-widget-text-editor\" data-id=\"b4d253a\" data-element_type=\"widget\" data-e-type=\"widget\" data-widget_type=\"text-editor.default\">\n\t\t\t\t<div class=\"elementor-widget-container\">\n\t\t\t\t\t\t\t\t\t<p class=\"p1\">Dank unserer F&amp;E&amp;I-Abteilung sind wir in der Lage, jederzeit effiziente technische L\u00f6sungen anzubieten, die den Anforderungen und dem Bedarf des Marktes gerecht werden. Auf diese Weise haben wir uns sowohl auf nationaler als auch auf internationaler Ebene als eines der f\u00fchrenden Unternehmen positioniert.<\/p>\t\t\t\t\t\t\t\t<\/div>\n\t\t\t\t<\/div>\n\t\t\t\t\t<\/div>\n\t\t<\/div>\n\t\t\t\t\t<\/div>\n\t\t<\/section>\n\t\t\t\t<section class=\"elementor-section elementor-top-section elementor-element elementor-element-78e6393 elementor-section-boxed elementor-section-height-default elementor-section-height-default\" data-id=\"78e6393\" data-element_type=\"section\" data-e-type=\"section\" data-settings=\"{&quot;background_background&quot;:&quot;classic&quot;}\">\n\t\t\t\t\t\t\t<div class=\"elementor-background-overlay\"><\/div>\n\t\t\t\t\t\t\t<div class=\"elementor-container elementor-column-gap-default\">\n\t\t\t\t\t<div class=\"elementor-column elementor-col-100 elementor-top-column elementor-element elementor-element-8207d95\" data-id=\"8207d95\" data-element_type=\"column\" data-e-type=\"column\">\n\t\t\t<div class=\"elementor-widget-wrap elementor-element-populated\">\n\t\t\t\t\t\t<div class=\"elementor-element elementor-element-383d458 elementor-widget elementor-widget-spacer\" data-id=\"383d458\" data-element_type=\"widget\" data-e-type=\"widget\" data-widget_type=\"spacer.default\">\n\t\t\t\t<div class=\"elementor-widget-container\">\n\t\t\t\t\t\t\t<div class=\"elementor-spacer\">\n\t\t\t<div class=\"elementor-spacer-inner\"><\/div>\n\t\t<\/div>\n\t\t\t\t\t\t<\/div>\n\t\t\t\t<\/div>\n\t\t\t\t<div class=\"elementor-element elementor-element-c13444f elementor-tabs-view-horizontal elementor-widget elementor-widget-tabs\" data-id=\"c13444f\" data-element_type=\"widget\" data-e-type=\"widget\" data-widget_type=\"tabs.default\">\n\t\t\t\t<div class=\"elementor-widget-container\">\n\t\t\t\t\t\t\t<div class=\"elementor-tabs\">\n\t\t\t<div class=\"elementor-tabs-wrapper\" role=\"tablist\" >\n\t\t\t\t\t\t\t\t\t<div id=\"elementor-tab-title-2021\" class=\"elementor-tab-title elementor-tab-desktop-title\" aria-selected=\"true\" data-tab=\"1\" role=\"tab\" tabindex=\"0\" aria-controls=\"elementor-tab-content-2021\" aria-expanded=\"false\">Anlagen<\/div>\n\t\t\t\t\t\t\t\t\t<div id=\"elementor-tab-title-2022\" class=\"elementor-tab-title elementor-tab-desktop-title\" aria-selected=\"false\" data-tab=\"2\" role=\"tab\" tabindex=\"-1\" aria-controls=\"elementor-tab-content-2022\" aria-expanded=\"false\">Strangpressen<\/div>\n\t\t\t\t\t\t\t\t\t<div id=\"elementor-tab-title-2023\" class=\"elementor-tab-title elementor-tab-desktop-title\" aria-selected=\"false\" data-tab=\"3\" role=\"tab\" tabindex=\"-1\" aria-controls=\"elementor-tab-content-2023\" aria-expanded=\"false\">Lackieren<\/div>\n\t\t\t\t\t\t\t\t\t<div id=\"elementor-tab-title-2024\" class=\"elementor-tab-title elementor-tab-desktop-title\" aria-selected=\"false\" data-tab=\"4\" role=\"tab\" tabindex=\"-1\" aria-controls=\"elementor-tab-content-2024\" aria-expanded=\"false\">Eloxieren<\/div>\n\t\t\t\t\t\t\t\t\t<div id=\"elementor-tab-title-2025\" class=\"elementor-tab-title elementor-tab-desktop-title\" aria-selected=\"false\" data-tab=\"5\" role=\"tab\" tabindex=\"-1\" aria-controls=\"elementor-tab-content-2025\" aria-expanded=\"false\">Weiterbearbeitung<\/div>\n\t\t\t\t\t\t\t\t\t<div id=\"elementor-tab-title-2026\" class=\"elementor-tab-title elementor-tab-desktop-title\" aria-selected=\"false\" data-tab=\"6\" role=\"tab\" tabindex=\"-1\" aria-controls=\"elementor-tab-content-2026\" aria-expanded=\"false\">Automobilindustrie<\/div>\n\t\t\t\t\t\t\t\t\t<div id=\"elementor-tab-title-2027\" class=\"elementor-tab-title elementor-tab-desktop-title\" aria-selected=\"false\" data-tab=\"7\" role=\"tab\" tabindex=\"-1\" aria-controls=\"elementor-tab-content-2027\" aria-expanded=\"false\">Verpackung<\/div>\n\t\t\t\t\t\t\t<\/div>\n\t\t\t<div class=\"elementor-tabs-content-wrapper\" role=\"tablist\" aria-orientation=\"vertical\">\n\t\t\t\t\t\t\t\t\t<div class=\"elementor-tab-title elementor-tab-mobile-title\" aria-selected=\"true\" data-tab=\"1\" role=\"tab\" tabindex=\"0\" aria-controls=\"elementor-tab-content-2021\" aria-expanded=\"false\">Anlagen<\/div>\n\t\t\t\t\t<div id=\"elementor-tab-content-2021\" class=\"elementor-tab-content elementor-clearfix\" data-tab=\"1\" role=\"tabpanel\" aria-labelledby=\"elementor-tab-title-2021\" tabindex=\"0\" hidden=\"false\"><div class=\"row\"><div class=\"columnleft\"><img loading=\"lazy\" decoding=\"async\" class=\"aligncenter size-full wp-image-710\" src=\"https:\/\/www.avalumitran.com\/wp-content\/uploads\/2014\/06\/tab-instalaciones-v3.jpg\" alt=\"\" width=\"300\" height=\"157\" \/><\/div><div class=\"columnright\"><p class=\"p1\">Wir kontrollieren aus erster Hand alle Verarbeitungs-, Veredelungs- und Bearbeitungsverfahren, die zur <b>Umwandlung von Aluminium <\/b>erforderlich sind, um die von <b>unseren Kunden angestrebten L\u00f6sungen <\/b>zu verwirklichen.<\/p><p class=\"p1\">Durch Anklicken dieser Tabs k\u00f6nnen Sie auf einen Blick alle unsere Verfahren entdecken und sich einen \u00dcberblick \u00fcber unsere Anlagen verschaffen. Weitere Informationen \u00fcber unsere Herstellungsverfahren finden Sie in der Rubrik<a title=\"visitar secci\u00f3n procesos\" href=\"https:\/\/www.avalumitran.com\/herstellungsprozesse\/?lang=de\"> VERFAHREN<\/a> &#8211; <a title=\"Videos\" href=\"https:\/\/www.avalumitran.com\/videos\/?lang=de\">VIDEOS<\/a> ansehen<\/p><\/div><\/div><\/div>\n\t\t\t\t\t\t\t\t\t<div class=\"elementor-tab-title elementor-tab-mobile-title\" aria-selected=\"false\" data-tab=\"2\" role=\"tab\" tabindex=\"-1\" aria-controls=\"elementor-tab-content-2022\" aria-expanded=\"false\">Strangpressen<\/div>\n\t\t\t\t\t<div id=\"elementor-tab-content-2022\" class=\"elementor-tab-content elementor-clearfix\" data-tab=\"2\" role=\"tabpanel\" aria-labelledby=\"elementor-tab-title-2022\" tabindex=\"0\" hidden=\"hidden\"><div class=\"row\"><div class=\"columnleft\"><img loading=\"lazy\" decoding=\"async\" class=\"aligncenter size-full wp-image-320\" src=\"https:\/\/www.avalumitran.com\/wp-content\/uploads\/2014\/03\/tab-extrusion.jpg\" alt=\"Extrusi\u00f3n\" width=\"300\" height=\"157\" \/><\/div><div class=\"columnright\"><p class=\"p1\">Das Strangpressen von Aluminium ist ein Verfahren zur plastischen Umformung, bei dem der hei\u00dfe Aluminiumblock (ca. 500 \u00baC) durch Pressen geformt wird. Die Profile werden anschlie\u00dfend in <b>H\u00e4rte\u00f6fen<\/b> gegeben, um ihnen die f\u00fcr ihre weitere Verwendung erforderliche Festigkeit und H\u00e4rte zu verleihen.<\/p><ul><li class=\"li1\">Eine 2.800-Tonnen-Strangpresse<\/li><li class=\"li1\">Zwei 2.200-Tonnen-Strangpressen<\/li><li class=\"li1\">Eine 1.800-Tonnen-Strangpresse<\/li><li class=\"li1\">Eine 1.600-Tonnen-Strangpresse<\/li><\/ul><\/div><\/div><\/div>\n\t\t\t\t\t\t\t\t\t<div class=\"elementor-tab-title elementor-tab-mobile-title\" aria-selected=\"false\" data-tab=\"3\" role=\"tab\" tabindex=\"-1\" aria-controls=\"elementor-tab-content-2023\" aria-expanded=\"false\">Lackieren<\/div>\n\t\t\t\t\t<div id=\"elementor-tab-content-2023\" class=\"elementor-tab-content elementor-clearfix\" data-tab=\"3\" role=\"tabpanel\" aria-labelledby=\"elementor-tab-title-2023\" tabindex=\"0\" hidden=\"hidden\"><div class=\"row\"><div class=\"columnleft\"><img loading=\"lazy\" decoding=\"async\" class=\"aligncenter size-full wp-image-322\" src=\"https:\/\/www.avalumitran.com\/wp-content\/uploads\/2014\/03\/tab-lacados.jpg\" alt=\"Lacados\" width=\"300\" height=\"157\" \/><\/div><div class=\"columnright\"><p class=\"p1\">Gro\u00dfe Auswahl an Lackierungen: RAL-Farbtabelle und zwei Arten von Holzeffektlacken, EZY und Sublimationslackierung.<\/p><\/div><div class=\"columnright\"><ul><li class=\"li1\">2 vertikale Lackieranlagen<\/li><li class=\"li1\">1 horizontale Lackieranlage<\/li><li class=\"li1\">EZY-Holzlackieranlage<\/li><li><p class=\"p1\">1 Holzeffektlackieranlage durch Sublimation<\/p><\/li><\/ul><\/div><\/div><\/div>\n\t\t\t\t\t\t\t\t\t<div class=\"elementor-tab-title elementor-tab-mobile-title\" aria-selected=\"false\" data-tab=\"4\" role=\"tab\" tabindex=\"-1\" aria-controls=\"elementor-tab-content-2024\" aria-expanded=\"false\">Eloxieren<\/div>\n\t\t\t\t\t<div id=\"elementor-tab-content-2024\" class=\"elementor-tab-content elementor-clearfix\" data-tab=\"4\" role=\"tabpanel\" aria-labelledby=\"elementor-tab-title-2024\" tabindex=\"0\" hidden=\"hidden\"><div class=\"row\">\n<div class=\"columnleft\"><img loading=\"lazy\" decoding=\"async\" class=\"alignleft size-medium wp-image-5737\" src=\"https:\/\/www.avalumitran.com\/wp-content\/uploads\/2022\/10\/av-alumitran-anodizado-alluminio-ok-300x151.jpg\" alt=\"aluminium eloxieren AV Alumitran\" width=\"300\" height=\"151\" srcset=\"https:\/\/www.avalumitran.com\/wp-content\/uploads\/2022\/10\/av-alumitran-anodizado-alluminio-ok-300x151.jpg 300w, https:\/\/www.avalumitran.com\/wp-content\/uploads\/2022\/10\/av-alumitran-anodizado-alluminio-ok-1024x514.jpg 1024w, https:\/\/www.avalumitran.com\/wp-content\/uploads\/2022\/10\/av-alumitran-anodizado-alluminio-ok-768x386.jpg 768w, https:\/\/www.avalumitran.com\/wp-content\/uploads\/2022\/10\/av-alumitran-anodizado-alluminio-ok.jpg 1400w\" sizes=\"(max-width: 300px) 100vw, 300px\" \/><\/div>\n<div class=\"columnright\">\n<p class=\"p1\"><span class=\"s1\">Gro\u00dfe Auswahl an Oberfl\u00e4chenveredelungen<\/span> in Edelstahl, Elfenbein, Silber, Gold, Bronze, Schwarz, Blau und Gr\u00fcn in matter, gl\u00e4nzender, behandelter, polierter oder strahlbeschichteter Ausf\u00fchrung.<\/p>\n<p class=\"p1\">\u2022 Eine 36.000 Ampere-Eloxieranlage<\/p>\n\n<\/div>\n<\/div><\/div>\n\t\t\t\t\t\t\t\t\t<div class=\"elementor-tab-title elementor-tab-mobile-title\" aria-selected=\"false\" data-tab=\"5\" role=\"tab\" tabindex=\"-1\" aria-controls=\"elementor-tab-content-2025\" aria-expanded=\"false\">Weiterbearbeitung<\/div>\n\t\t\t\t\t<div id=\"elementor-tab-content-2025\" class=\"elementor-tab-content elementor-clearfix\" data-tab=\"5\" role=\"tabpanel\" aria-labelledby=\"elementor-tab-title-2025\" tabindex=\"0\" hidden=\"hidden\"><div class=\"row\"><div class=\"columnleft\"><img loading=\"lazy\" decoding=\"async\" class=\"aligncenter size-full wp-image-323\" src=\"https:\/\/www.avalumitran.com\/wp-content\/uploads\/2014\/03\/tab-mecanizados.jpg\" alt=\"Mecanizados\" width=\"300\" height=\"157\" \/><\/div><div class=\"columnright\"><p class=\"p1\">Immer h\u00e4ufiger fragen Kunden nach halbbearbeiteten Profilen, um diese mit m\u00f6glichst geringem Aufwand direkt in ihrem Endprodukt zu verwenden. AV Alumitran ist sich dieses Bedarfs bewusst und bietet die M\u00f6glichkeit, seine Profile in bearbeiteter Ausf\u00fchrung und auf Ma\u00df zugeschnitten zu bestellen.<\/p><p class=\"p1\">\u2022 3 Bearbeitungszentren<br \/>\u2022 3 S\u00e4gemaschinen<br \/>\u2022 1 Doppelkopf-S\u00e4gemaschine<br \/>\u2022 3 Stanzpressmaschinen<\/p><\/div><\/div><\/div>\n\t\t\t\t\t\t\t\t\t<div class=\"elementor-tab-title elementor-tab-mobile-title\" aria-selected=\"false\" data-tab=\"6\" role=\"tab\" tabindex=\"-1\" aria-controls=\"elementor-tab-content-2026\" aria-expanded=\"false\">Automobilindustrie<\/div>\n\t\t\t\t\t<div id=\"elementor-tab-content-2026\" class=\"elementor-tab-content elementor-clearfix\" data-tab=\"6\" role=\"tabpanel\" aria-labelledby=\"elementor-tab-title-2026\" tabindex=\"0\" hidden=\"hidden\"><p><img loading=\"lazy\" decoding=\"async\" class=\"alignleft size-full wp-image-1498\" src=\"https:\/\/www.avalumitran.com\/wp-content\/uploads\/2017\/03\/tab-automocion.jpg\" alt=\"extrusi\u00f3n de aluminio para automoci\u00f3n certificado\" width=\"300\" height=\"157\" \/><\/p><p class=\"p1\">Aluminium spielt in der <b>Automobilindustrie<\/b> eine zunehmend wichtige Rolle, und AV Alumitran bringt seine Erfahrung als <b>Hersteller von stranggepresstem Aluminium<\/b> mit L\u00f6sungen ein, damit die Vorteile von Aluminium in dieser Branche st\u00e4rker genutzt werden, und zwar unter strengsten Qualit\u00e4tskontrollen: Wir sind derzeit das <b>einzige spanische Unternehmen dieser Branche, das nach dem Standard IATF 16949 zertifiziert<\/b> <b>ist.<\/b><\/p><p class=\"p1\"><a href=\"https:\/\/www.avalumitran.com\/procesos\/\">HIER ERFAHREN SIE MEHR<\/a><\/p><\/div>\n\t\t\t\t\t\t\t\t\t<div class=\"elementor-tab-title elementor-tab-mobile-title\" aria-selected=\"false\" data-tab=\"7\" role=\"tab\" tabindex=\"-1\" aria-controls=\"elementor-tab-content-2027\" aria-expanded=\"false\">Verpackung<\/div>\n\t\t\t\t\t<div id=\"elementor-tab-content-2027\" class=\"elementor-tab-content elementor-clearfix\" data-tab=\"7\" role=\"tabpanel\" aria-labelledby=\"elementor-tab-title-2027\" tabindex=\"0\" hidden=\"hidden\"><div class=\"row\"><div class=\"columnleft\"><img loading=\"lazy\" decoding=\"async\" class=\"aligncenter size-full wp-image-695\" src=\"https:\/\/www.avalumitran.com\/wp-content\/uploads\/2014\/06\/tab-embalajes.jpg\" alt=\"Embalajes\" width=\"300\" height=\"157\" \/><\/div><div class=\"columnright\"><p class=\"p1\">Bei AV Alumitran nehmen wir die Integration in die Produktionskette unserer Kunden sehr ernst und widmen uns daher jedem Prozess mit gr\u00f6\u00dfter Sorgfalt. Am Ende des hochwertigen Verarbeitungsprozesses steht die Verpackung: Sprechen Sie mit uns und wir werden gemeinsam die Verpackung ermitteln, die am besten zu Ihren Profilen und Anforderungen passt: Angefangen von Standardverpackungen und Palettierungen bis hin zu ma\u00dfgeschneiderten Verpackungsl\u00f6sungen.<\/p><\/div><\/div><\/div>\n\t\t\t\t\t\t\t<\/div>\n\t\t<\/div>\n\t\t\t\t\t\t<\/div>\n\t\t\t\t<\/div>\n\t\t\t\t\t<\/div>\n\t\t<\/div>\n\t\t\t\t\t<\/div>\n\t\t<\/section>\n\t\t\t\t<section class=\"elementor-section elementor-top-section elementor-element elementor-element-8490907 elementor-section-boxed elementor-section-height-default elementor-section-height-default\" data-id=\"8490907\" data-element_type=\"section\" data-e-type=\"section\">\n\t\t\t\t\t\t<div class=\"elementor-container elementor-column-gap-default\">\n\t\t\t\t\t<div class=\"elementor-column elementor-col-100 elementor-top-column elementor-element elementor-element-5086335\" data-id=\"5086335\" data-element_type=\"column\" data-e-type=\"column\">\n\t\t\t<div class=\"elementor-widget-wrap elementor-element-populated\">\n\t\t\t\t\t\t<div class=\"elementor-element elementor-element-5f38551 elementor-widget elementor-widget-spacer\" data-id=\"5f38551\" data-element_type=\"widget\" data-e-type=\"widget\" data-widget_type=\"spacer.default\">\n\t\t\t\t<div class=\"elementor-widget-container\">\n\t\t\t\t\t\t\t<div class=\"elementor-spacer\">\n\t\t\t<div class=\"elementor-spacer-inner\"><\/div>\n\t\t<\/div>\n\t\t\t\t\t\t<\/div>\n\t\t\t\t<\/div>\n\t\t\t\t<div class=\"elementor-element elementor-element-7d7a52e elementor-widget elementor-widget-heading\" data-id=\"7d7a52e\" data-element_type=\"widget\" data-e-type=\"widget\" data-widget_type=\"heading.default\">\n\t\t\t\t<div class=\"elementor-widget-container\">\n\t\t\t\t\t<h2 class=\"elementor-heading-title elementor-size-default\">Engagement von AV Alumitran<\/h2>\t\t\t\t<\/div>\n\t\t\t\t<\/div>\n\t\t\t\t<section class=\"elementor-section elementor-inner-section elementor-element elementor-element-7b4e40b elementor-section-boxed elementor-section-height-default elementor-section-height-default\" data-id=\"7b4e40b\" data-element_type=\"section\" data-e-type=\"section\">\n\t\t\t\t\t\t<div class=\"elementor-container elementor-column-gap-default\">\n\t\t\t\t\t<div class=\"elementor-column elementor-col-25 elementor-inner-column elementor-element elementor-element-b36d7c5 elementor-invisible\" data-id=\"b36d7c5\" data-element_type=\"column\" data-e-type=\"column\" data-settings=\"{&quot;animation&quot;:&quot;fadeIn&quot;}\">\n\t\t\t<div class=\"elementor-widget-wrap elementor-element-populated\">\n\t\t\t\t\t\t<div class=\"elementor-element elementor-element-c58fc0b elementor-invisible elementor-widget elementor-widget-image\" data-id=\"c58fc0b\" data-element_type=\"widget\" data-e-type=\"widget\" data-settings=\"{&quot;_animation&quot;:&quot;fadeIn&quot;}\" data-widget_type=\"image.default\">\n\t\t\t\t<div class=\"elementor-widget-container\">\n\t\t\t\t\t\t\t\t\t\t\t\t\t\t\t<img loading=\"lazy\" decoding=\"async\" width=\"215\" height=\"134\" src=\"https:\/\/www.avalumitran.com\/wp-content\/uploads\/2022\/02\/kundenbereit-extranet.png\" class=\"attachment-large size-large wp-image-5004\" alt=\"kunderbereit extranet\" \/>\t\t\t\t\t\t\t\t\t\t\t\t\t\t\t<\/div>\n\t\t\t\t<\/div>\n\t\t\t\t\t<\/div>\n\t\t<\/div>\n\t\t\t\t<div class=\"elementor-column elementor-col-25 elementor-inner-column elementor-element elementor-element-311cda8\" data-id=\"311cda8\" data-element_type=\"column\" data-e-type=\"column\">\n\t\t\t<div class=\"elementor-widget-wrap elementor-element-populated\">\n\t\t\t\t\t\t<div class=\"elementor-element elementor-element-553a314 elementor-widget elementor-widget-text-editor\" data-id=\"553a314\" data-element_type=\"widget\" data-e-type=\"widget\" data-widget_type=\"text-editor.default\">\n\t\t\t\t<div class=\"elementor-widget-container\">\n\t\t\t\t\t\t\t\t\t<p class=\"p1\">Unseren Kunden steht ein eigenes Netz zur Verf\u00fcgung, \u00fcber das sie jederzeit relevante Informationen abrufen und sich \u00fcber den Status ihrer Bestellung informieren k\u00f6nnen.<\/p>\t\t\t\t\t\t\t\t<\/div>\n\t\t\t\t<\/div>\n\t\t\t\t<div class=\"elementor-element elementor-element-cc01615 elementor-widget elementor-widget-button\" data-id=\"cc01615\" data-element_type=\"widget\" data-e-type=\"widget\" data-widget_type=\"button.default\">\n\t\t\t\t<div class=\"elementor-widget-container\">\n\t\t\t\t\t\t\t\t\t<div class=\"elementor-button-wrapper\">\n\t\t\t\t\t<a class=\"elementor-button elementor-button-link elementor-size-sm\" href=\"\/extranet-de-clientes\/\">\n\t\t\t\t\t\t<span class=\"elementor-button-content-wrapper\">\n\t\t\t\t\t\t\t\t\t<span class=\"elementor-button-text\">DEMO ANSEHEN<\/span>\n\t\t\t\t\t<\/span>\n\t\t\t\t\t<\/a>\n\t\t\t\t<\/div>\n\t\t\t\t\t\t\t\t<\/div>\n\t\t\t\t<\/div>\n\t\t\t\t\t<\/div>\n\t\t<\/div>\n\t\t\t\t<div class=\"elementor-column elementor-col-25 elementor-inner-column elementor-element elementor-element-b5a4f65\" data-id=\"b5a4f65\" data-element_type=\"column\" data-e-type=\"column\">\n\t\t\t<div class=\"elementor-widget-wrap elementor-element-populated\">\n\t\t\t\t\t\t<div class=\"elementor-element elementor-element-01eb9af animated-slow elementor-invisible elementor-widget elementor-widget-image\" data-id=\"01eb9af\" data-element_type=\"widget\" data-e-type=\"widget\" data-settings=\"{&quot;_animation&quot;:&quot;fadeIn&quot;}\" data-widget_type=\"image.default\">\n\t\t\t\t<div class=\"elementor-widget-container\">\n\t\t\t\t\t\t\t\t\t\t\t\t\t\t\t<img loading=\"lazy\" decoding=\"async\" width=\"215\" height=\"134\" src=\"https:\/\/www.avalumitran.com\/wp-content\/uploads\/2022\/02\/kundenkienst.png\" class=\"attachment-large size-large wp-image-5009\" alt=\"kundenkienst\" \/>\t\t\t\t\t\t\t\t\t\t\t\t\t\t\t<\/div>\n\t\t\t\t<\/div>\n\t\t\t\t\t<\/div>\n\t\t<\/div>\n\t\t\t\t<div class=\"elementor-column elementor-col-25 elementor-inner-column elementor-element elementor-element-655b3da\" data-id=\"655b3da\" data-element_type=\"column\" data-e-type=\"column\">\n\t\t\t<div class=\"elementor-widget-wrap elementor-element-populated\">\n\t\t\t\t\t\t<div class=\"elementor-element elementor-element-575d4c6 elementor-widget elementor-widget-text-editor\" data-id=\"575d4c6\" data-element_type=\"widget\" data-e-type=\"widget\" data-widget_type=\"text-editor.default\">\n\t\t\t\t<div class=\"elementor-widget-container\">\n\t\t\t\t\t\t\t\t\t<p class=\"p1\">Wir verpflichten uns, dass Sie bei jeder Kontaktaufnahme nicht nur eine Antwort in Ihrer Sprache erhalten, sondern auch eine L\u00f6sung finden werden. Sie erreichen uns unter: +34 91 876 91 80<\/p>\t\t\t\t\t\t\t\t<\/div>\n\t\t\t\t<\/div>\n\t\t\t\t<div class=\"elementor-element elementor-element-d3eca7c elementor-widget elementor-widget-button\" data-id=\"d3eca7c\" data-element_type=\"widget\" data-e-type=\"widget\" data-widget_type=\"button.default\">\n\t\t\t\t<div class=\"elementor-widget-container\">\n\t\t\t\t\t\t\t\t\t<div class=\"elementor-button-wrapper\">\n\t\t\t\t\t<a class=\"elementor-button elementor-button-link elementor-size-sm\" href=\"mailto:comercial@avalumitran.com?Subject=email-desde-web\">\n\t\t\t\t\t\t<span class=\"elementor-button-content-wrapper\">\n\t\t\t\t\t\t\t\t\t<span class=\"elementor-button-text\">E-MAIL SENDEN<\/span>\n\t\t\t\t\t<\/span>\n\t\t\t\t\t<\/a>\n\t\t\t\t<\/div>\n\t\t\t\t\t\t\t\t<\/div>\n\t\t\t\t<\/div>\n\t\t\t\t\t<\/div>\n\t\t<\/div>\n\t\t\t\t\t<\/div>\n\t\t<\/section>\n\t\t\t\t<section class=\"elementor-section elementor-inner-section elementor-element elementor-element-2afb595 elementor-section-boxed elementor-section-height-default elementor-section-height-default\" data-id=\"2afb595\" data-element_type=\"section\" data-e-type=\"section\">\n\t\t\t\t\t\t<div class=\"elementor-container elementor-column-gap-default\">\n\t\t\t\t\t<div class=\"elementor-column elementor-col-100 elementor-inner-column elementor-element elementor-element-660d513\" data-id=\"660d513\" data-element_type=\"column\" data-e-type=\"column\">\n\t\t\t<div class=\"elementor-widget-wrap elementor-element-populated\">\n\t\t\t\t\t\t<div class=\"elementor-element elementor-element-83d2279 elementor-widget elementor-widget-spacer\" data-id=\"83d2279\" data-element_type=\"widget\" data-e-type=\"widget\" data-widget_type=\"spacer.default\">\n\t\t\t\t<div class=\"elementor-widget-container\">\n\t\t\t\t\t\t\t<div class=\"elementor-spacer\">\n\t\t\t<div class=\"elementor-spacer-inner\"><\/div>\n\t\t<\/div>\n\t\t\t\t\t\t<\/div>\n\t\t\t\t<\/div>\n\t\t\t\t\t<\/div>\n\t\t<\/div>\n\t\t\t\t\t<\/div>\n\t\t<\/section>\n\t\t\t\t\t<\/div>\n\t\t<\/div>\n\t\t\t\t\t<\/div>\n\t\t<\/section>\n\t\t\t\t<section class=\"elementor-section elementor-top-section elementor-element elementor-element-3abe315 elementor-section-boxed elementor-section-height-default elementor-section-height-default\" data-id=\"3abe315\" data-element_type=\"section\" data-e-type=\"section\" data-settings=\"{&quot;background_background&quot;:&quot;classic&quot;}\">\n\t\t\t\t\t\t<div class=\"elementor-container elementor-column-gap-wide\">\n\t\t\t\t\t<div class=\"elementor-column elementor-col-50 elementor-top-column elementor-element elementor-element-33fe3e3\" data-id=\"33fe3e3\" data-element_type=\"column\" data-e-type=\"column\">\n\t\t\t<div class=\"elementor-widget-wrap elementor-element-populated\">\n\t\t\t\t\t\t<div class=\"elementor-element elementor-element-15a03a3 elementor-widget elementor-widget-heading\" data-id=\"15a03a3\" data-element_type=\"widget\" data-e-type=\"widget\" data-widget_type=\"heading.default\">\n\t\t\t\t<div class=\"elementor-widget-container\">\n\t\t\t\t\t<h2 class=\"elementor-heading-title elementor-size-default\"><a href=\"https:\/\/www.avalumitran.com\/de\/noticias\/\">News<\/a><\/h2>\t\t\t\t<\/div>\n\t\t\t\t<\/div>\n\t\t\t\t<div class=\"elementor-element elementor-element-26b6b20 elementor-grid-1 elementor-posts--thumbnail-left elementor-grid-tablet-2 elementor-grid-mobile-1 elementor-widget elementor-widget-posts\" data-id=\"26b6b20\" data-element_type=\"widget\" data-e-type=\"widget\" data-settings=\"{&quot;classic_columns&quot;:&quot;1&quot;,&quot;classic_columns_tablet&quot;:&quot;2&quot;,&quot;classic_columns_mobile&quot;:&quot;1&quot;,&quot;classic_row_gap&quot;:{&quot;unit&quot;:&quot;px&quot;,&quot;size&quot;:35,&quot;sizes&quot;:[]},&quot;classic_row_gap_tablet&quot;:{&quot;unit&quot;:&quot;px&quot;,&quot;size&quot;:&quot;&quot;,&quot;sizes&quot;:[]},&quot;classic_row_gap_mobile&quot;:{&quot;unit&quot;:&quot;px&quot;,&quot;size&quot;:&quot;&quot;,&quot;sizes&quot;:[]}}\" data-widget_type=\"posts.classic\">\n\t\t\t\t<div class=\"elementor-widget-container\">\n\t\t\t\t\t\t\t<div class=\"elementor-posts-container elementor-posts elementor-posts--skin-classic elementor-grid\" role=\"list\">\n\t\t\t\t<article class=\"elementor-post elementor-grid-item post-7361 post type-post status-publish format-standard has-post-thumbnail hentry category-av-alumitran-de category-extrusion-de category-kontinuierliche-verbesserung\" role=\"listitem\">\n\t\t\t\t<a class=\"elementor-post__thumbnail__link\" href=\"https:\/\/www.avalumitran.com\/de\/wir-investieren-in-groessere-extrusionskapazitaeten-und-effizienz-treiben-das-industrielle-wachstum-voran-und-staerken-gleichzeitig-die-gesamtleistung-unser-werk\/\" tabindex=\"-1\" >\n\t\t\t<div class=\"elementor-post__thumbnail\"><img loading=\"lazy\" decoding=\"async\" width=\"1200\" height=\"508\" src=\"https:\/\/www.avalumitran.com\/wp-content\/uploads\/2025\/07\/av-alumitran-ampliamos-capacidad-extrusion-nueva-prensa-4000-t-2.jpg\" class=\"attachment-full size-full wp-image-7190\" alt=\"av alumitran amplia capacidad productiva con nueva prensa extrusion 4000 toneladas\" srcset=\"https:\/\/www.avalumitran.com\/wp-content\/uploads\/2025\/07\/av-alumitran-ampliamos-capacidad-extrusion-nueva-prensa-4000-t-2.jpg 1200w, https:\/\/www.avalumitran.com\/wp-content\/uploads\/2025\/07\/av-alumitran-ampliamos-capacidad-extrusion-nueva-prensa-4000-t-2-300x127.jpg 300w, https:\/\/www.avalumitran.com\/wp-content\/uploads\/2025\/07\/av-alumitran-ampliamos-capacidad-extrusion-nueva-prensa-4000-t-2-1024x433.jpg 1024w, https:\/\/www.avalumitran.com\/wp-content\/uploads\/2025\/07\/av-alumitran-ampliamos-capacidad-extrusion-nueva-prensa-4000-t-2-768x325.jpg 768w\" sizes=\"(max-width: 1200px) 100vw, 1200px\" \/><\/div>\n\t\t<\/a>\n\t\t\t\t<div class=\"elementor-post__text\">\n\t\t\t\t<h3 class=\"elementor-post__title\">\n\t\t\t<a href=\"https:\/\/www.avalumitran.com\/de\/wir-investieren-in-groessere-extrusionskapazitaeten-und-effizienz-treiben-das-industrielle-wachstum-voran-und-staerken-gleichzeitig-die-gesamtleistung-unser-werk\/\" >\n\t\t\t\tWir investieren in gr\u00f6\u00dfere Extrusionskapazit\u00e4ten und Effizienz, treiben das industrielle Wachstum voran und st\u00e4rken gleichzeitig die Gesamtleistung unser Werk.\t\t\t<\/a>\n\t\t<\/h3>\n\t\t\t\t<div class=\"elementor-post__excerpt\">\n\t\t\t<p>Wir haben eine Vereinbarung zum Erwerb einer neuen 4.000-Tonnen-Presse getroffen, eine strategische Investition, die einen entscheidenden Schritt in unserem Engagement f\u00fcr kontinuierliche Verbesserung und operative<\/p>\n\t\t<\/div>\n\t\t\t\t<\/div>\n\t\t\t\t<\/article>\n\t\t\t\t<article class=\"elementor-post elementor-grid-item post-7369 post type-post status-publish format-standard has-post-thumbnail hentry category-av-alumitran-de category-energieeffizienz category-extrusion-de category-nachhaltigkeit\" role=\"listitem\">\n\t\t\t\t<a class=\"elementor-post__thumbnail__link\" href=\"https:\/\/www.avalumitran.com\/de\/gemeinsame-veranstaltung-von-hydro-und-av-alumitran-in-unser-werk-in-villarejo-de-salvanes\/\" tabindex=\"-1\" >\n\t\t\t<div class=\"elementor-post__thumbnail\"><img loading=\"lazy\" decoding=\"async\" width=\"1200\" height=\"508\" src=\"https:\/\/www.avalumitran.com\/wp-content\/uploads\/2024\/09\/av-alumitran-jornada-compartida-con-consejo-admon-y-comite-ejecutivo-hydro.jpg\" class=\"attachment-full size-full wp-image-6830\" alt=\"jornada conjunta Hydro y AV Alumitran en Villarejo\" srcset=\"https:\/\/www.avalumitran.com\/wp-content\/uploads\/2024\/09\/av-alumitran-jornada-compartida-con-consejo-admon-y-comite-ejecutivo-hydro.jpg 1200w, https:\/\/www.avalumitran.com\/wp-content\/uploads\/2024\/09\/av-alumitran-jornada-compartida-con-consejo-admon-y-comite-ejecutivo-hydro-300x127.jpg 300w, https:\/\/www.avalumitran.com\/wp-content\/uploads\/2024\/09\/av-alumitran-jornada-compartida-con-consejo-admon-y-comite-ejecutivo-hydro-1024x433.jpg 1024w, https:\/\/www.avalumitran.com\/wp-content\/uploads\/2024\/09\/av-alumitran-jornada-compartida-con-consejo-admon-y-comite-ejecutivo-hydro-768x325.jpg 768w\" sizes=\"(max-width: 1200px) 100vw, 1200px\" \/><\/div>\n\t\t<\/a>\n\t\t\t\t<div class=\"elementor-post__text\">\n\t\t\t\t<h3 class=\"elementor-post__title\">\n\t\t\t<a href=\"https:\/\/www.avalumitran.com\/de\/gemeinsame-veranstaltung-von-hydro-und-av-alumitran-in-unser-werk-in-villarejo-de-salvanes\/\" >\n\t\t\t\tGemeinsame Veranstaltung von Hydro und AV Alumitran in unser Werk in Villarejo de Salvan\u00e9s\t\t\t<\/a>\n\t\t<\/h3>\n\t\t\t\t<div class=\"elementor-post__excerpt\">\n\t\t\t<p>Am 18. September hatten wir die Gelegenheit, einen Tag in unseren Werken von AV Alumitran mit dem Vorstand und dem Exekutivkomitee von Hydro zu verbringen.<br \/>\nDieser Besuch unterstreicht die guten Beziehungen zwischen unseren Unternehmen und st\u00e4rkt das Vertrauen von AV Alumitran in die Produkte von Hydro als Hersteller von Kn\u00fcppeln und Barren.<\/p>\n\t\t<\/div>\n\t\t\t\t<\/div>\n\t\t\t\t<\/article>\n\t\t\t\t<\/div>\n\t\t\n\t\t\t\t\t\t<\/div>\n\t\t\t\t<\/div>\n\t\t\t\t\t<\/div>\n\t\t<\/div>\n\t\t\t\t<div class=\"elementor-column elementor-col-50 elementor-top-column elementor-element elementor-element-ffd6fd9\" data-id=\"ffd6fd9\" data-element_type=\"column\" data-e-type=\"column\">\n\t\t\t<div class=\"elementor-widget-wrap elementor-element-populated\">\n\t\t\t\t\t\t<div class=\"elementor-element elementor-element-f9b1704 elementor-widget elementor-widget-heading\" data-id=\"f9b1704\" data-element_type=\"widget\" data-e-type=\"widget\" data-widget_type=\"heading.default\">\n\t\t\t\t<div class=\"elementor-widget-container\">\n\t\t\t\t\t<h2 class=\"elementor-heading-title elementor-size-default\">Der richtige Partner f\u00fcr Sie:<\/h2>\t\t\t\t<\/div>\n\t\t\t\t<\/div>\n\t\t\t\t<div class=\"elementor-element elementor-element-6321eac elementor-icon-list--layout-traditional elementor-list-item-link-full_width elementor-widget elementor-widget-icon-list\" data-id=\"6321eac\" data-element_type=\"widget\" data-e-type=\"widget\" data-widget_type=\"icon-list.default\">\n\t\t\t\t<div class=\"elementor-widget-container\">\n\t\t\t\t\t\t\t<ul class=\"elementor-icon-list-items\">\n\t\t\t\t\t\t\t<li class=\"elementor-icon-list-item\">\n\t\t\t\t\t\t\t\t\t\t\t<span class=\"elementor-icon-list-icon\">\n\t\t\t\t\t\t\t<i aria-hidden=\"true\" class=\"fas fa-check\"><\/i>\t\t\t\t\t\t<\/span>\n\t\t\t\t\t\t\t\t\t\t<span class=\"elementor-icon-list-text\">Verst\u00e4rkte Einsatzbereitschaft, Produktion und Erfahrung durch den Zusammenschluss von zwei konsolidierten Unternehmensgruppen auf dem spanischen Markt.<\/span>\n\t\t\t\t\t\t\t\t\t<\/li>\n\t\t\t\t\t\t\t\t<li class=\"elementor-icon-list-item\">\n\t\t\t\t\t\t\t\t\t\t\t<span class=\"elementor-icon-list-icon\">\n\t\t\t\t\t\t\t<i aria-hidden=\"true\" class=\"fas fa-check\"><\/i>\t\t\t\t\t\t<\/span>\n\t\t\t\t\t\t\t\t\t\t<span class=\"elementor-icon-list-text\">Effiziente Betriebskosten, der Schl\u00fcssel zu Skaleneffekten.<\/span>\n\t\t\t\t\t\t\t\t\t<\/li>\n\t\t\t\t\t\t\t\t<li class=\"elementor-icon-list-item\">\n\t\t\t\t\t\t\t\t\t\t\t<span class=\"elementor-icon-list-icon\">\n\t\t\t\t\t\t\t<i aria-hidden=\"true\" class=\"fas fa-check\"><\/i>\t\t\t\t\t\t<\/span>\n\t\t\t\t\t\t\t\t\t\t<span class=\"elementor-icon-list-text\">Die neue Gruppe profitiert von strukturellen Synergien.<\/span>\n\t\t\t\t\t\t\t\t\t<\/li>\n\t\t\t\t\t\t\t\t<li class=\"elementor-icon-list-item\">\n\t\t\t\t\t\t\t\t\t\t\t<span class=\"elementor-icon-list-icon\">\n\t\t\t\t\t\t\t<i aria-hidden=\"true\" class=\"fas fa-check\"><\/i>\t\t\t\t\t\t<\/span>\n\t\t\t\t\t\t\t\t\t\t<span class=\"elementor-icon-list-text\">Erfahrene F\u00fchrungsteams und solide Finanzen.<\/span>\n\t\t\t\t\t\t\t\t\t<\/li>\n\t\t\t\t\t\t<\/ul>\n\t\t\t\t\t\t<\/div>\n\t\t\t\t<\/div>\n\t\t\t\t\t<\/div>\n\t\t<\/div>\n\t\t\t\t\t<\/div>\n\t\t<\/section>\n\t\t\t\t<\/div>\n\t\t","protected":false},"excerpt":{"rendered":"<p>WIR WANDELN ALUMINIUM UMWir entwickeln Qualit\u00e4tsl\u00f6sungenALUMINIUM F\u00dcR DIE AUTOMOBILINDUSTRIEWir sind Ihr zertifizierter Anbieter und bereit f\u00fcr den neuen Standard IATF 16949! DIE KRAFT EINES GRO\u00dfARTIGEN TEAMSVerpflichtung zur Qualit\u00e4t und zur kontinuierlichen VerbesserungUMFASSENDES LEISTUNGSANGEBOTIntegriert in die Produktionskette des Kunden Qualit\u00e4t steht f\u00fcr uns an oberster Stelle Unsere Verpflichtung zur Qualit\u00e4t unserer Produkte und Dienstleistungen steht im [&hellip;]<\/p>\n","protected":false},"author":1001002,"featured_media":3304,"parent":0,"menu_order":0,"comment_status":"closed","ping_status":"open","template":"elementor_header_footer","meta":{"footnotes":""},"class_list":["post-516","page","type-page","status-publish","has-post-thumbnail","hentry"],"aioseo_notices":[],"_links":{"self":[{"href":"https:\/\/www.avalumitran.com\/de\/wp-json\/wp\/v2\/pages\/516","targetHints":{"allow":["GET"]}}],"collection":[{"href":"https:\/\/www.avalumitran.com\/de\/wp-json\/wp\/v2\/pages"}],"about":[{"href":"https:\/\/www.avalumitran.com\/de\/wp-json\/wp\/v2\/types\/page"}],"author":[{"embeddable":true,"href":"https:\/\/www.avalumitran.com\/de\/wp-json\/wp\/v2\/users\/1001002"}],"replies":[{"embeddable":true,"href":"https:\/\/www.avalumitran.com\/de\/wp-json\/wp\/v2\/comments?post=516"}],"version-history":[{"count":99,"href":"https:\/\/www.avalumitran.com\/de\/wp-json\/wp\/v2\/pages\/516\/revisions"}],"predecessor-version":[{"id":12572,"href":"https:\/\/www.avalumitran.com\/de\/wp-json\/wp\/v2\/pages\/516\/revisions\/12572"}],"wp:featuredmedia":[{"embeddable":true,"href":"https:\/\/www.avalumitran.com\/de\/wp-json\/wp\/v2\/media\/3304"}],"wp:attachment":[{"href":"https:\/\/www.avalumitran.com\/de\/wp-json\/wp\/v2\/media?parent=516"}],"curies":[{"name":"wp","href":"https:\/\/api.w.org\/{rel}","templated":true}]}}